{"id":1761,"date":"2026-03-24T13:49:26","date_gmt":"2026-03-24T13:49:26","guid":{"rendered":"https:\/\/cerpratenc.es\/?page_id=1761"},"modified":"2026-03-25T14:59:57","modified_gmt":"2026-03-25T14:59:57","slug":"gimnastas-individuales","status":"publish","type":"page","link":"https:\/\/cerpratenc.es\/index.php\/gimnastas-individuales\/","title":{"rendered":"Gimnastas Individuales 2026"},"content":{"rendered":"\n<p>Aqu\u00ed encontrar\u00e9is todas las gimnastas individuales que competir\u00e1n en la temporada 2025-2026 representando al Club Esportiu Ritmica Pratenc en las competiciones. <\/p>\n\n\n\n<h5 class=\"wp-block-heading has-text-align-center\">Gimnastas Escolares<\/h5>\n\n\n\n<p>P5 <\/p>\n\n\n\n<ul class=\"wp-block-list\">\n<li>Valeria Torrente Garc\u00eda <\/li>\n<\/ul>\n\n\n\n<p>Prebenjamin C <\/p>\n\n\n\n<ul class=\"wp-block-list\">\n<li>Chloe Daenerys Aquino Pizarro <\/li>\n\n\n\n<li>Zoe Gonzalez Treg\u00f3n<\/li>\n<\/ul>\n\n\n\n<p>Alev\u00edn C <\/p>\n\n\n\n<ul class=\"wp-block-list\">\n<li>Lucia Alvarado Chamizo <\/li>\n\n\n\n<li>Judith Cobos Jorba <\/li>\n\n\n\n<li>Millaray Olea Oreja <\/li>\n<\/ul>\n\n\n\n<p>Prebenjamin B <\/p>\n\n\n\n<ul class=\"wp-block-list\">\n<li>Paula Albreda De la Rosa <\/li>\n<\/ul>\n\n\n\n<p>Benjamin B <\/p>\n\n\n\n<ul class=\"wp-block-list\">\n<li>Ainhoa Valares Rico <\/li>\n\n\n\n<li>Lara Fuentes Su\u00e1rez<\/li>\n\n\n\n<li>Martina Fatty Rodr\u00edguez <\/li>\n\n\n\n<li>Aine Cabrerizo Torregrosa <\/li>\n\n\n\n<li>Martina Vall\u00e8s G\u00e1zquez <\/li>\n\n\n\n<li>Helena Lopera Torres <\/li>\n\n\n\n<li>Paula Garc\u00eda Mart\u00ednez <\/li>\n<\/ul>\n\n\n\n<p>Infantil B <\/p>\n\n\n\n<ul class=\"wp-block-list\">\n<li>Sofia Luego Mata<\/li>\n<\/ul>\n\n\n\n<p>Benjamin A <\/p>\n\n\n\n<ul class=\"wp-block-list\">\n<li>Cloe Llano Hurtado <\/li>\n\n\n\n<li>Paula Melero Arruebo <\/li>\n\n\n\n<li>Sara Cantos Aramendi <\/li>\n<\/ul>\n\n\n\n<p>Alev\u00edn A <\/p>\n\n\n\n<ul class=\"wp-block-list\">\n<li>Valentina Salazar Asuad <\/li>\n<\/ul>\n\n\n\n<p>Infantil A <\/p>\n\n\n\n<ul class=\"wp-block-list\">\n<li>Lucia Ba\u00f1os Risquez <\/li>\n\n\n\n<li>M\u00ba Carmen Mac\u00edas Flores <\/li>\n\n\n\n<li>Sara Merino Pascual <\/li>\n\n\n\n<li>Isona Gonz\u00e1lez Camacho <\/li>\n\n\n\n<li>Alba Celeste O\u00f1ate Escrig <\/li>\n\n\n\n<li>Jennifer Pulido Mansilla <\/li>\n\n\n\n<li>Laia Mac\u00edas Franco <\/li>\n\n\n\n<li>Iraria Giordano Jim\u00e9nez <\/li>\n\n\n\n<li>Irene Bl\u00e1zquez Hern\u00e1ndez <\/li>\n<\/ul>\n\n\n\n<p>Senior A <\/p>\n\n\n\n<ul class=\"wp-block-list\">\n<li>Nuria Munt\u00e9 Ben\u00edtez <\/li>\n\n\n\n<li>Martina de Reina De los Santos <\/li>\n<\/ul>\n\n\n\n<p class=\"has-text-align-center\"><strong>Gimnastas Federadas<\/strong><\/p>\n\n\n\n<p>Benjamin IV <\/p>\n\n\n\n<ul class=\"wp-block-list\">\n<li>Sof\u00eda Ballester Requena <\/li>\n<\/ul>\n\n\n\n<p>Alev\u00edn IV <\/p>\n\n\n\n<ul class=\"wp-block-list\">\n<li>Carlota Mart\u00ednez Molina <\/li>\n\n\n\n<li>Claudia G\u00f3mez Recio <\/li>\n<\/ul>\n\n\n\n<p>Infantil IV <\/p>\n\n\n\n<ul class=\"wp-block-list\">\n<li>Sofiia Zemlyana <\/li>\n<\/ul>\n\n\n\n<p>Junior IV <\/p>\n\n\n\n<ul class=\"wp-block-list\">\n<li>Ainara S\u00e1nchez Espinosa <\/li>\n\n\n\n<li>Laia Tamborero Gonz\u00e1lez <\/li>\n\n\n\n<li>Uliana Tsupikova <\/li>\n<\/ul>\n\n\n\n<p>Senior IV <\/p>\n\n\n\n<ul class=\"wp-block-list\">\n<li>Dafne Vicente Moreno <\/li>\n\n\n\n<li>Alba Gonz\u00e1lez Gonz\u00e1lez <\/li>\n\n\n\n<li>Lucia Gerbol\u00e9s Rodr\u00edguez <\/li>\n\n\n\n<li>Marina Dom\u00ednguez Delgado <\/li>\n\n\n\n<li>Maria Reyna Segura <\/li>\n\n\n\n<li>Carlota Nogueras C\u00e1rdenas <\/li>\n\n\n\n<li>Valentina Collado Tormo <\/li>\n\n\n\n<li>Aleksandra Natali Lawichi <\/li>\n<\/ul>\n\n\n\n<p>Junior V <\/p>\n\n\n\n<ul class=\"wp-block-list\">\n<li>Ariadna Belzunce Mu\u00f1oz <\/li>\n\n\n\n<li>Dafne Llano Hurtado <\/li>\n\n\n\n<li>Karla Hristova Balakchieva <\/li>\n<\/ul>\n\n\n\n<p>Senior V <\/p>\n\n\n\n<ul class=\"wp-block-list\">\n<li>Noelia Estrada Acosta <\/li>\n<\/ul>\n\n\n\n<p>Senior VI <\/p>\n\n\n\n<ul class=\"wp-block-list\">\n<li>Judit Lucha Arco <\/li>\n\n\n\n<li>Noa Bay\u00f3n Aguilar <\/li>\n<\/ul>\n\n\n\n<p>Senior VII <\/p>\n\n\n\n<ul class=\"wp-block-list\">\n<li>Sandra Gonzalez L\u00f3pez <\/li>\n<\/ul>\n\n\n\n<p>Juvenil VII <\/p>\n\n\n\n<ul class=\"wp-block-list\">\n<li>Nerea Vera Crespo <\/li>\n\n\n\n<li>Alexia Manero Herrera <\/li>\n\n\n\n<li>Laia Fontanals Pamies <\/li>\n<\/ul>\n","protected":false},"excerpt":{"rendered":"<p>Aqu\u00ed encontrar\u00e9is todas las gimnastas individuales que competir\u00e1n en la temporada 2025-2026 representando al Club Esportiu Ritmica Pratenc en las competiciones. Gimnastas Escolares P5 Prebenjamin C Alev\u00edn C Prebenjamin B Benjamin B Infantil B Benjamin A Alev\u00edn A Infantil A Senior A Gimnastas Federadas Benjamin IV Alev\u00edn IV Infantil IV Junior IV Senior IV Junior [&hellip;]<\/p>\n","protected":false},"author":1,"featured_media":0,"parent":0,"menu_order":0,"comment_status":"closed","ping_status":"closed","template":"","meta":{"footnotes":""},"class_list":["post-1761","page","type-page","status-publish","hentry"],"_links":{"self":[{"href":"https:\/\/cerpratenc.es\/index.php\/wp-json\/wp\/v2\/pages\/1761","targetHints":{"allow":["GET"]}}],"collection":[{"href":"https:\/\/cerpratenc.es\/index.php\/wp-json\/wp\/v2\/pages"}],"about":[{"href":"https:\/\/cerpratenc.es\/index.php\/wp-json\/wp\/v2\/types\/page"}],"author":[{"embeddable":true,"href":"https:\/\/cerpratenc.es\/index.php\/wp-json\/wp\/v2\/users\/1"}],"replies":[{"embeddable":true,"href":"https:\/\/cerpratenc.es\/index.php\/wp-json\/wp\/v2\/comments?post=1761"}],"version-history":[{"count":6,"href":"https:\/\/cerpratenc.es\/index.php\/wp-json\/wp\/v2\/pages\/1761\/revisions"}],"predecessor-version":[{"id":1817,"href":"https:\/\/cerpratenc.es\/index.php\/wp-json\/wp\/v2\/pages\/1761\/revisions\/1817"}],"wp:attachment":[{"href":"https:\/\/cerpratenc.es\/index.php\/wp-json\/wp\/v2\/media?parent=1761"}],"curies":[{"name":"wp","href":"https:\/\/api.w.org\/{rel}","templated":true}]}}